{"id":255,"date":"2020-10-06T14:52:24","date_gmt":"2020-10-06T12:52:24","guid":{"rendered":"http:\/\/incamera.localhost\/?page_id=255"},"modified":"2022-07-26T18:50:00","modified_gmt":"2022-07-26T16:50:00","slug":"mentions-legales","status":"publish","type":"page","link":"https:\/\/www.incamera.fr\/en\/mentions-legales\/","title":{"rendered":"Legal notice"},"content":{"rendered":"\n<h2 class=\"wp-block-heading\">Editeur \u2013 Directeur de la publication<\/h2>\n\n\n\n<p>Incamera, ci-apr\u00e8s d\u00e9sign\u00e9 comme \u201cl\u2019\u00c9diteur\u201d<\/p>\n\n\n\n<h2 class=\"wp-block-heading\">H\u00e9bergement<\/h2>\n\n\n\n<p>GANDI<br>63-65 Bd Mass\u00e9na, <br>75013<br>Paris<\/p>\n\n\n\n<p><a href=\"https:\/\/www.gandi.net\/\">https:\/\/www.gandi.net\/<\/a><\/p>\n\n\n\n<p>01 70 37 76 61<\/p>\n\n\n\n<h2 class=\"wp-block-heading\">1 \u2013 Vie priv\u00e9e<\/h2>\n\n\n\n<div class=\"wp-block-group\"><div class=\"wp-block-group__inner-container is-layout-flow wp-block-group-is-layout-flow\">\n<p>L\u2019\u00c9diteur ne collecte sur ce site internet aucune donn\u00e9e \u00e0 caract\u00e8re personnel autre que des donn\u00e9es statistiques qui ne permettent pas de vous identifier et les donn\u00e9es fournies volontairement par l\u2019internaute qui remplit le formulaire de contact. Ces donn\u00e9es sont trait\u00e9es par l\u2019\u00c9diteur en sa qualit\u00e9 de responsable de traitement \u00e0 la seule fin de traiter la demande de l\u2019internaute, elles sont strictement confidentielles, ne sortiront pas du territoire de l\u2019Union Europ\u00e9enne et ne seront pas transmises \u00e0 des tiers. Ces donn\u00e9es ne seront pas conserv\u00e9es au-del\u00e0 d\u2019une dur\u00e9e de 2 ans.<\/p>\n\n\n\n<p>En vertu des lois applicables, vous disposez d\u2019un droit d\u2019acc\u00e8s, de rectification ou d\u2019effacement, de limitation ou d\u2019opposition pour des motifs l\u00e9gitimes au traitement, ainsi qu\u2019un droit de portabilit\u00e9 de vos donn\u00e9es personnelles. Vous \u00eates \u00e9galement inform\u00e9s avoir le droit de donner des directives concernant le traitement de vos donn\u00e9es personnelles effectu\u00e9 apr\u00e8s votre d\u00e9c\u00e8s.<\/p>\n\n\n\n<p>En cons\u00e9quence vous disposez du droit :<\/p>\n\n\n\n<ul class=\"wp-block-list\"><li>D\u2019acc\u00e9der \u00e0 vos donn\u00e9es personnelles, notamment pour v\u00e9rifier leur exactitude et leur exhaustivit\u00e9<\/li><li>Pour des raisons l\u00e9gitimes, de demander une rectification de vos donn\u00e9es<\/li><li>De vous opposer ou demander une limitation du traitement de vos donn\u00e9es personnelles<\/li><li>De recevoir vos donn\u00e9es personnelles sous un format standard et structur\u00e9<\/li><li>De donner des instructions sur le traitement de vos donn\u00e9es apr\u00e8s votre mort<\/li><\/ul>\n\n\n\n<p>Pour tous les cas cit\u00e9s ci-dessus, merci de nous envoyer un mail \u00e0 l\u2019adresse suivante : XXX<\/p>\n\n\n\n<p>Conform\u00e9ment \u00e0 la r\u00e9glementation applicable et \u00e0 l\u2019article 13 paragraphe 2 point d) du RGPD, vous avez \u00e9galement le droit d\u2019introduire une r\u00e9clamation aupr\u00e8s d\u2019une autorit\u00e9 de contr\u00f4le.<\/p>\n<\/div><\/div>\n\n\n\n<h2 class=\"wp-block-heading\">2 \u2013 Gestion des cookies<\/h2>\n\n\n\n<div class=\"wp-block-group\"><div class=\"wp-block-group__inner-container is-layout-flow wp-block-group-is-layout-flow\">\n<p>Les cookies sont de petits fichiers d\u00e9pos\u00e9s sur votre ordinateur ou sur le terminal que vous utilisez lorsque vous visitez un site internet. Ils sont largement utilis\u00e9s pour permettre aux sites internet de fonctionner ou d\u2019am\u00e9liorer leur fonctionnement. Ils permettent aux sites de reconna\u00eetre votre terminal et d\u2019enregistrer des informations relatives \u00e0 votre navigation.<\/p>\n\n\n\n<p>Lors de la consultation du pr\u00e9sent site internet, des cookies sont d\u00e9pos\u00e9s sur votre ordinateur, tablette ou smartphone :<\/p>\n\n\n\n<ul class=\"wp-block-list\"><li>Cookies de session pour faciliter votre navigation sur le pr\u00e9sent site internet<\/li><li>Cookies li\u00e9s \u00e0 Google Analytics (un service d\u2019analyse fourni par Google pour mesurer l\u2019audience du site)<\/li><li>Tous les navigateurs permettent de param\u00e9trer les cookies, les bloquer ou les supprimer. Vous trouverez ci-apr\u00e8s des liens vers les explications fournies par les principaux navigateurs : Chrome Firefox Internet Explorer Safari<\/li><\/ul>\n\n\n\n<p>Vous pouvez en apprendre davantage sur les Cookies et comment les g\u00e9rer sur le site de la CNIL.<\/p>\n<\/div><\/div>\n\n\n\n<h2 class=\"wp-block-heading\">3 \u2013 Droit de Propri\u00e9t\u00e9 Intellectuelle<\/h2>\n\n\n\n<div class=\"wp-block-group\"><div class=\"wp-block-group__inner-container is-layout-flow wp-block-group-is-layout-flow\">\n<p>Le pr\u00e9sent site internet ainsi que l\u2019ensemble de son contenu (et notamment les photos, logos, marques et information de toute nature y figurant) sont prot\u00e9g\u00e9s par le droit fran\u00e7ais de la propri\u00e9t\u00e9 intellectuelle. Toute reproduction sans l\u2019accord de l\u2019\u00c9diteur est prohib\u00e9e.<\/p>\n<\/div><\/div>\n\n\n\n<h2 class=\"wp-block-heading\">4 \u2013 Lien Hypertexte<\/h2>\n\n\n\n<div class=\"wp-block-group\"><div class=\"wp-block-group__inner-container is-layout-flow wp-block-group-is-layout-flow\">\n<p>L\u2019existence d\u2019un lien entre le pr\u00e9sent site internet et un site tiers ne signifie en aucun cas que l\u2019\u00c9diteur approuve \u00e0 quel que titre que ce soit le contenu de ce site ou l\u2019usage qui pourrait en \u00eatre fait. L\u2019\u00c9diteur n\u2019a aucune ma\u00eetrise sur le contenu des sites tiers et ne peut en contr\u00f4ler les contenus dans le temps.<\/p>\n\n\n\n<p>Des sites externes peuvent par ailleurs contenir des liens hypertextes pointant vers le pr\u00e9sent site internet. L\u2019\u00c9diteur n\u2019est pas davantage responsable du contenu de ces sites externes<\/p>\n<\/div><\/div>\n\n\n\n<h2 class=\"wp-block-heading\">5 \u2013 Limitation de responsabilit\u00e9 \u2013 Loi applicable<\/h2>\n\n\n\n<div class=\"wp-block-group\"><div class=\"wp-block-group__inner-container is-layout-flow wp-block-group-is-layout-flow\">\n<p>L\u2019\u00c9diteur s\u2019efforce d\u2019assurer l\u2019exactitude et la mise \u00e0 jour des informations diffus\u00e9es sur le pr\u00e9sent site internet, et se r\u00e9serve le droit d\u2019en corriger le contenu \u00e0 tout moment et sans pr\u00e9avis. Il n\u2019offre n\u00e9anmoins aucune garantie quant \u00e0 l\u2019exactitude, la pr\u00e9cision, l\u2019exhaustivit\u00e9 ou l\u2019ad\u00e9quation des informations mises \u00e0 disposition sur le pr\u00e9sent site internet, et sa responsabilit\u00e9 ne saurait \u00eatre engag\u00e9e en cas d\u2019erreur ou d\u2019omission.<br><br>Par ailleurs, l\u2019\u00c9diteur s\u2019engage \u00e0 faire ses meilleurs efforts pour que le site internet soit accessible \u00e0 tout moment. N\u00e9anmoins, l\u2019\u00c9diteur d\u00e9cline toute responsabilit\u00e9 en cas de difficult\u00e9 d\u2019acc\u00e8s \u00e0 son site ou d\u2019interruptions dans la connexion, quelles qu\u2019en soient les causes.<\/p>\n\n\n\n<p>Notamment, l\u2019\u00c9diteur se r\u00e9serve le droit de proc\u00e9der \u00e0 toute modification du site qu\u2019il jugera utile, et cela sans avertissement pr\u00e9alable et m\u00eame si l\u2019acc\u00e8s au site en est cons\u00e9quemment interrompu. De plus, l\u2019\u00c9diteur ne saurait \u00eatre tenu responsable des \u00e9ventuels dommages directs ou indirects, y compris l\u2019inaccessibilit\u00e9 au site, les pertes de donn\u00e9es, d\u00e9t\u00e9riorations, destructions ou virus qui pourraient affecter votre \u00e9quipement informatique, et\/ou de la pr\u00e9sence de virus sur son site.<br><br>Vous reconnaissez ainsi avoir v\u00e9rifi\u00e9 que la configuration informatique utilis\u00e9e ne contient aucun virus et est en parfait \u00e9tat de fonctionnement.<br><br>Le contenu de ce site internet est soumis \u00e0 l\u2019application de la loi fran\u00e7aise.<\/p>\n<\/div><\/div>\n","protected":false},"excerpt":{"rendered":"<p>Editeur \u2013 Directeur de la publication Incamera, ci-apr\u00e8s d\u00e9sign\u00e9 comme \u201cl\u2019\u00c9diteur\u201d H\u00e9bergement GANDI63-65 Bd Mass\u00e9na, 75013Paris https:\/\/www.gandi.net\/ 01 70 37 76 61 1 \u2013 Vie priv\u00e9e L\u2019\u00c9diteur ne collecte sur ce site internet aucune donn\u00e9e \u00e0 caract\u00e8re personnel autre que des donn\u00e9es statistiques qui ne permettent pas de vous identifier et les donn\u00e9es fournies volontairement [&hellip;]<\/p>\n","protected":false},"author":1,"featured_media":0,"parent":0,"menu_order":9,"comment_status":"closed","ping_status":"closed","template":"templates\/legal.php","meta":{"_acf_changed":false,"footnotes":""},"class_list":["post-255","page","type-page","status-publish","hentry"],"acf":[],"yoast_head":"<!-- This site is optimized with the Yoast SEO plugin v26.3 - https:\/\/yoast.com\/wordpress\/plugins\/seo\/ -->\n<title>Legal notice - in camera<\/title>\n<meta name=\"robots\" content=\"index, follow, max-snippet:-1, max-image-preview:large, max-video-preview:-1\" \/>\n<link rel=\"canonical\" href=\"https:\/\/www.incamera.fr\/en\/mentions-legales\/\" \/>\n<meta property=\"og:locale\" content=\"en_US\" \/>\n<meta property=\"og:type\" content=\"article\" \/>\n<meta property=\"og:title\" content=\"Legal notice - in camera\" \/>\n<meta property=\"og:description\" content=\"Editeur \u2013 Directeur de la publication Incamera, ci-apr\u00e8s d\u00e9sign\u00e9 comme \u201cl\u2019\u00c9diteur\u201d H\u00e9bergement GANDI63-65 Bd Mass\u00e9na, 75013Paris https:\/\/www.gandi.net\/ 01 70 37 76 61 1 \u2013 Vie priv\u00e9e L\u2019\u00c9diteur ne collecte sur ce site internet aucune donn\u00e9e \u00e0 caract\u00e8re personnel autre que des donn\u00e9es statistiques qui ne permettent pas de vous identifier et les donn\u00e9es fournies volontairement [&hellip;]\" \/>\n<meta property=\"og:url\" content=\"https:\/\/www.incamera.fr\/en\/mentions-legales\/\" \/>\n<meta property=\"og:site_name\" content=\"in camera\" \/>\n<meta property=\"article:publisher\" content=\"https:\/\/www.facebook.com\/incameragalerie\/\" \/>\n<meta property=\"article:modified_time\" content=\"2022-07-26T16:50:00+00:00\" \/>\n<meta name=\"twitter:card\" content=\"summary_large_image\" \/>\n<meta name=\"twitter:label1\" content=\"Est. reading time\" \/>\n\t<meta name=\"twitter:data1\" content=\"5 minutes\" \/>\n<script type=\"application\/ld+json\" class=\"yoast-schema-graph\">{\"@context\":\"https:\/\/schema.org\",\"@graph\":[{\"@type\":\"WebPage\",\"@id\":\"https:\/\/www.incamera.fr\/en\/mentions-legales\/\",\"url\":\"https:\/\/www.incamera.fr\/en\/mentions-legales\/\",\"name\":\"Legal notice - in camera\",\"isPartOf\":{\"@id\":\"https:\/\/www.incamera.fr\/en\/#website\"},\"datePublished\":\"2020-10-06T12:52:24+00:00\",\"dateModified\":\"2022-07-26T16:50:00+00:00\",\"breadcrumb\":{\"@id\":\"https:\/\/www.incamera.fr\/en\/mentions-legales\/#breadcrumb\"},\"inLanguage\":\"en-US\",\"potentialAction\":[{\"@type\":\"ReadAction\",\"target\":[\"https:\/\/www.incamera.fr\/en\/mentions-legales\/\"]}]},{\"@type\":\"BreadcrumbList\",\"@id\":\"https:\/\/www.incamera.fr\/en\/mentions-legales\/#breadcrumb\",\"itemListElement\":[{\"@type\":\"ListItem\",\"position\":1,\"name\":\"Home\",\"item\":\"https:\/\/www.incamera.fr\/en\/\"},{\"@type\":\"ListItem\",\"position\":2,\"name\":\"Legal notice\"}]},{\"@type\":\"WebSite\",\"@id\":\"https:\/\/www.incamera.fr\/en\/#website\",\"url\":\"https:\/\/www.incamera.fr\/en\/\",\"name\":\"in camera\",\"description\":\"in camera galerie\",\"publisher\":{\"@id\":\"https:\/\/www.incamera.fr\/en\/#organization\"},\"potentialAction\":[{\"@type\":\"SearchAction\",\"target\":{\"@type\":\"EntryPoint\",\"urlTemplate\":\"https:\/\/www.incamera.fr\/en\/?s={search_term_string}\"},\"query-input\":{\"@type\":\"PropertyValueSpecification\",\"valueRequired\":true,\"valueName\":\"search_term_string\"}}],\"inLanguage\":\"en-US\"},{\"@type\":\"Organization\",\"@id\":\"https:\/\/www.incamera.fr\/en\/#organization\",\"name\":\"in camera\",\"url\":\"https:\/\/www.incamera.fr\/en\/\",\"logo\":{\"@type\":\"ImageObject\",\"inLanguage\":\"en-US\",\"@id\":\"https:\/\/www.incamera.fr\/en\/#\/schema\/logo\/image\/\",\"url\":\"https:\/\/www.incamera.fr\/wp-content\/uploads\/2022\/10\/01_AndreaTorresBalaguer_TheUnknown_Nebula_2022-768x1024.jpg\",\"contentUrl\":\"https:\/\/www.incamera.fr\/wp-content\/uploads\/2022\/10\/01_AndreaTorresBalaguer_TheUnknown_Nebula_2022-768x1024.jpg\",\"width\":768,\"height\":1024,\"caption\":\"in camera\"},\"image\":{\"@id\":\"https:\/\/www.incamera.fr\/en\/#\/schema\/logo\/image\/\"},\"sameAs\":[\"https:\/\/www.facebook.com\/incameragalerie\/\",\"https:\/\/www.instagram.com\/incameragalerie\/\"]}]}<\/script>\n<!-- \/ Yoast SEO plugin. -->","yoast_head_json":{"title":"Legal notice - in camera","robots":{"index":"index","follow":"follow","max-snippet":"max-snippet:-1","max-image-preview":"max-image-preview:large","max-video-preview":"max-video-preview:-1"},"canonical":"https:\/\/www.incamera.fr\/en\/mentions-legales\/","og_locale":"en_US","og_type":"article","og_title":"Legal notice - in camera","og_description":"Editeur \u2013 Directeur de la publication Incamera, ci-apr\u00e8s d\u00e9sign\u00e9 comme \u201cl\u2019\u00c9diteur\u201d H\u00e9bergement GANDI63-65 Bd Mass\u00e9na, 75013Paris https:\/\/www.gandi.net\/ 01 70 37 76 61 1 \u2013 Vie priv\u00e9e L\u2019\u00c9diteur ne collecte sur ce site internet aucune donn\u00e9e \u00e0 caract\u00e8re personnel autre que des donn\u00e9es statistiques qui ne permettent pas de vous identifier et les donn\u00e9es fournies volontairement [&hellip;]","og_url":"https:\/\/www.incamera.fr\/en\/mentions-legales\/","og_site_name":"in camera","article_publisher":"https:\/\/www.facebook.com\/incameragalerie\/","article_modified_time":"2022-07-26T16:50:00+00:00","twitter_card":"summary_large_image","twitter_misc":{"Est. reading time":"5 minutes"},"schema":{"@context":"https:\/\/schema.org","@graph":[{"@type":"WebPage","@id":"https:\/\/www.incamera.fr\/en\/mentions-legales\/","url":"https:\/\/www.incamera.fr\/en\/mentions-legales\/","name":"Legal notice - in camera","isPartOf":{"@id":"https:\/\/www.incamera.fr\/en\/#website"},"datePublished":"2020-10-06T12:52:24+00:00","dateModified":"2022-07-26T16:50:00+00:00","breadcrumb":{"@id":"https:\/\/www.incamera.fr\/en\/mentions-legales\/#breadcrumb"},"inLanguage":"en-US","potentialAction":[{"@type":"ReadAction","target":["https:\/\/www.incamera.fr\/en\/mentions-legales\/"]}]},{"@type":"BreadcrumbList","@id":"https:\/\/www.incamera.fr\/en\/mentions-legales\/#breadcrumb","itemListElement":[{"@type":"ListItem","position":1,"name":"Home","item":"https:\/\/www.incamera.fr\/en\/"},{"@type":"ListItem","position":2,"name":"Legal notice"}]},{"@type":"WebSite","@id":"https:\/\/www.incamera.fr\/en\/#website","url":"https:\/\/www.incamera.fr\/en\/","name":"in camera","description":"in camera galerie","publisher":{"@id":"https:\/\/www.incamera.fr\/en\/#organization"},"potentialAction":[{"@type":"SearchAction","target":{"@type":"EntryPoint","urlTemplate":"https:\/\/www.incamera.fr\/en\/?s={search_term_string}"},"query-input":{"@type":"PropertyValueSpecification","valueRequired":true,"valueName":"search_term_string"}}],"inLanguage":"en-US"},{"@type":"Organization","@id":"https:\/\/www.incamera.fr\/en\/#organization","name":"in camera","url":"https:\/\/www.incamera.fr\/en\/","logo":{"@type":"ImageObject","inLanguage":"en-US","@id":"https:\/\/www.incamera.fr\/en\/#\/schema\/logo\/image\/","url":"https:\/\/www.incamera.fr\/wp-content\/uploads\/2022\/10\/01_AndreaTorresBalaguer_TheUnknown_Nebula_2022-768x1024.jpg","contentUrl":"https:\/\/www.incamera.fr\/wp-content\/uploads\/2022\/10\/01_AndreaTorresBalaguer_TheUnknown_Nebula_2022-768x1024.jpg","width":768,"height":1024,"caption":"in camera"},"image":{"@id":"https:\/\/www.incamera.fr\/en\/#\/schema\/logo\/image\/"},"sameAs":["https:\/\/www.facebook.com\/incameragalerie\/","https:\/\/www.instagram.com\/incameragalerie\/"]}]}},"_links":{"self":[{"href":"https:\/\/www.incamera.fr\/en\/wp-json\/wp\/v2\/pages\/255","targetHints":{"allow":["GET"]}}],"collection":[{"href":"https:\/\/www.incamera.fr\/en\/wp-json\/wp\/v2\/pages"}],"about":[{"href":"https:\/\/www.incamera.fr\/en\/wp-json\/wp\/v2\/types\/page"}],"author":[{"embeddable":true,"href":"https:\/\/www.incamera.fr\/en\/wp-json\/wp\/v2\/users\/1"}],"replies":[{"embeddable":true,"href":"https:\/\/www.incamera.fr\/en\/wp-json\/wp\/v2\/comments?post=255"}],"version-history":[{"count":3,"href":"https:\/\/www.incamera.fr\/en\/wp-json\/wp\/v2\/pages\/255\/revisions"}],"predecessor-version":[{"id":5435,"href":"https:\/\/www.incamera.fr\/en\/wp-json\/wp\/v2\/pages\/255\/revisions\/5435"}],"wp:attachment":[{"href":"https:\/\/www.incamera.fr\/en\/wp-json\/wp\/v2\/media?parent=255"}],"curies":[{"name":"wp","href":"https:\/\/api.w.org\/{rel}","templated":true}]}}